{"id":489,"date":"2019-01-12T17:15:16","date_gmt":"2019-01-12T16:15:16","guid":{"rendered":"https:\/\/www.landfrauen-meppen.de\/wesuwe-siedlung\/?page_id=489"},"modified":"2024-11-12T11:39:33","modified_gmt":"2024-11-12T10:39:33","slug":"programm-2016-2017","status":"publish","type":"page","link":"https:\/\/www.landfrauen-meppen.de\/wesuwe-siedlung\/programm\/programm-2016-2017\/","title":{"rendered":"Programm 2016\/2017"},"content":{"rendered":"<h1><strong><u>September 2016\u00a0\u00a0\u00a0\u00a0 Mi.21.09.2016,\u00a0 19.00 Uhr<\/u><\/strong><\/h1>\n<p><strong>\u00a0\u00a0\u00a0\u00a0\u00a0\u00a0\u00a0\u00a0\u00a0\u00a0\u00a0\u00a0\u00a0\u00a0\u00a0\u00a0\u00a0\u00a0\u00a0\u00a0\u00a0\u00a0\u00a0\u00a0\u00a0\u00a0 \u201eSchmuck aus Silberbesteck\u201c<\/strong><\/p>\n<p>Frau Meinardus aus D\u00f6rpen zeigt uns Ihr gefertigtes<\/p>\n<p>Sortiment. Bringt Euer altes Silberbesteck mit !!!!!<\/p>\n<p>Es k\u00f6nnen vor Ort kleine Schmuckst\u00fccke (Ringe)<\/p>\n<p>angefertigt oder Schmuckst\u00fccke in Auftrag gegeben<\/p>\n<p>werden.<\/p>\n<p>&nbsp;<\/p>\n<p><strong><u>Oktober 2016\u00a0\u00a0\u00a0\u00a0\u00a0\u00a0\u00a0\u00a0 Fr.21.10.2016,\u00a0 19.00 Uhr <\/u><\/strong><\/p>\n<p><strong>\u00a0\u00a0\u00a0\u00a0\u00a0\u00a0\u00a0\u00a0\u00a0\u00a0\u00a0\u00a0\u00a0\u00a0\u00a0\u00a0\u00a0\u00a0\u00a0\u00a0\u00a0\u00a0\u00a0\u00a0\u00a0 \u201e60 Jahre Landfrauen Wesuwe-Siedlung\u201c<\/strong><\/p>\n<p>Interne Jubil\u00e4umsfeier u.a. mit der Theatergruppe<\/p>\n<p>Wesuwe.<\/p>\n<p>&nbsp;<\/p>\n<p>&nbsp;<\/p>\n<p><strong><u>November 2016\u00a0\u00a0\u00a0\u00a0\u00a0 Fr.11.11.2016, Abfahrt 15.30 Uhr<\/u><\/strong><\/p>\n<p><strong>\u00a0\u00a0\u00a0\u00a0\u00a0\u00a0\u00a0\u00a0\u00a0\u00a0\u00a0\u00a0\u00a0\u00a0\u00a0\u00a0\u00a0\u00a0\u00a0\u00a0\u00a0\u00a0\u00a0\u00a0\u00a0\u00a0\u00a0 \u201eWintertr\u00e4ume Havixbeck\u201c<\/strong><\/p>\n<p>Fahrt nach Havixbeck, rund um die Burg H\u00fclshoff<\/p>\n<p>findet eine vorweihnachtliche Messe statt. Leckere<\/p>\n<p>K\u00f6stlichkeiten, handgefertigte Produkte, neue Trends<\/p>\n<p>werden dort angeboten.<\/p>\n<p>&nbsp;<\/p>\n<p><strong><u>Dezember 2016\u00a0\u00a0\u00a0\u00a0\u00a0\u00a0 Mi.14.12.2016, 15.00 Uhr<\/u><\/strong><\/p>\n<p><strong>\u00a0\u00a0\u00a0\u00a0\u00a0\u00a0\u00a0\u00a0\u00a0\u00a0\u00a0\u00a0\u00a0\u00a0\u00a0\u00a0\u00a0\u00a0\u00a0\u00a0\u00a0\u00a0\u00a0\u00a0\u00a0\u00a0\u00a0 \u201eWeihnachtsfeier\u201c<\/strong><\/p>\n<p>Herr A. Eiynck vom Emslandmuseum Lingen spricht<\/p>\n<p>zum Thema:<\/p>\n<p><strong>Neue und alte Weihnachtsbr\u00e4uche im Emsland<\/strong><\/p>\n<p>&nbsp;<\/p>\n<p>&nbsp;<\/p>\n<p>&nbsp;<\/p>\n<p><strong>\u00a0\u00a0\u00a0\u00a0\u00a0 <u>Januar 2017\u00a0\u00a0\u00a0\u00a0\u00a0\u00a0\u00a0\u00a0\u00a0\u00a0\u00a0\u00a0 Mi.11.01.2017, 19.00 Uhr<\/u><\/strong><\/p>\n<p><strong>\u00a0\u00a0\u00a0\u00a0\u00a0\u00a0\u00a0\u00a0\u00a0\u00a0\u00a0\u00a0\u00a0\u00a0\u00a0 \u00a0\u00a0\u00a0\u00a0\u00a0\u00a0\u00a0\u00a0\u00a0\u00a0\u00a0\u00a0\u201eKleine Kugel \u2013 gro\u00dfe Wirkung\u201c<\/strong><\/p>\n<p>Vorstellung hom\u00f6opathischer Mittel<\/p>\n<ul>\n<li>Was sind die bekanntesten Mittel?<\/li>\n<li>Anwendungsgebiete<\/li>\n<\/ul>\n<p>Gastredner: Frau Deeters, Heilpraktikerin<\/p>\n<p>&nbsp;<\/p>\n<p>&nbsp;<\/p>\n<p><strong><u>Februar 2017\u00a0\u00a0\u00a0\u00a0 Do.16.02.2017,\u00a0 15.00 Uhr<\/u><\/strong><\/p>\n<p><strong>\u00a0\u00a0\u00a0\u00a0\u00a0\u00a0\u00a0\u00a0\u00a0\u00a0 \u00a0\u00a0\u00a0\u00a0\u00a0\u00a0\u00a0\u00a0\u00a0\u00a0\u00a0\u00a0\u00a0\u00a0\u00a0\u00a0\u00a0\u00a0\u201eFreundschaften sind ein Geschenk, \u00a0\u00a0<\/strong><\/p>\n<p><strong>\u00a0\u00a0\u00a0\u00a0\u00a0\u00a0\u00a0\u00a0\u00a0\u00a0\u00a0\u00a0\u00a0\u00a0\u00a0\u00a0\u00a0\u00a0\u00a0\u00a0\u00a0\u00a0\u00a0\u00a0\u00a0\u00a0\u00a0\u00a0\u00a0 aber sie fallen nicht vom Himmel\u201c\u00a0 <\/strong><\/p>\n<p><strong>\u00a0\u00a0\u00a0\u00a0\u00a0\u00a0\u00a0\u00a0\u00a0\u00a0\u00a0\u00a0\u00a0\u00a0\u00a0\u00a0\u00a0\u00a0\u00a0\u00a0\u00a0\u00a0\u00a0\u00a0\u00a0\u00a0\u00a0\u00a0\u00a0 <\/strong>Frau E. Sonnenberg (Therapeutische Seelsorgerin )<strong>\u00a0\u00a0\u00a0\u00a0\u00a0\u00a0\u00a0\u00a0\u00a0\u00a0\u00a0\u00a0\u00a0\u00a0\u00a0\u00a0\u00a0\u00a0\u00a0\u00a0\u00a0\u00a0\u00a0\u00a0\u00a0\u00a0\u00a0\u00a0\u00a0\u00a0\u00a0\u00a0\u00a0\u00a0\u00a0\u00a0\u00a0\u00a0\u00a0\u00a0\u00a0\u00a0\u00a0\u00a0\u00a0\u00a0\u00a0\u00a0\u00a0\u00a0\u00a0\u00a0\u00a0\u00a0\u00a0\u00a0\u00a0\u00a0\u00a0\u00a0\u00a0\u00a0\u00a0\u00a0\u00a0\u00a0\u00a0\u00a0\u00a0 <\/strong><\/p>\n<p>aus Oldenburg spricht zu diesem Thema.<\/p>\n<p>&nbsp;<\/p>\n<p><strong><u>M\u00e4rz 2017\u00a0\u00a0\u00a0\u00a0\u00a0\u00a0\u00a0\u00a0\u00a0\u00a0 Mi.08.03.2017,\u00a0 19.00 Uhr<\/u><\/strong><\/p>\n<p><strong>\u00a0\u00a0\u00a0\u00a0\u00a0\u00a0\u00a0\u00a0\u00a0\u00a0\u00a0\u00a0\u00a0\u00a0\u00a0\u00a0\u00a0\u00a0\u00a0\u00a0\u00a0\u00a0\u00a0\u00a0\u00a0\u00a0\u00a0\u00a0\u00a0 \u201eDer fliegende Medicus\u201c<\/strong><\/p>\n<p>Heilen mit Bienenprodukten<\/p>\n<p>Einf\u00fchrung in die Apitherapie<\/p>\n<p>Gastredner: R. Krebber aus Meppen<\/p>\n<p>&nbsp;<\/p>\n<p><strong>\u00a0\u00a0\u00a0\u00a0\u00a0\u00a0\u00a0 \u00a0\u00a0<u>April 2017\u00a0\u00a0\u00a0\u00a0\u00a0\u00a0\u00a0\u00a0\u00a0\u00a0\u00a0 Mi. 05.04.2017, 15 Uhr<\/u><\/strong><\/p>\n<p><strong>\u00a0\u00a0\u00a0\u00a0\u00a0\u00a0\u00a0\u00a0\u00a0\u00a0\u00a0\u00a0\u00a0\u00a0\u00a0\u00a0\u00a0\u00a0\u00a0\u00a0\u00a0\u00a0\u00a0\u00a0\u00a0\u00a0\u00a0\u00a0\u00a0\u00a0\u00a0 \u201eBiblische D\u00fcfte und Heilkr\u00e4uter\u201c<\/strong><\/p>\n<p>Gastredner: Frau Dr. Silke Hirndorf<\/p>\n<p>&nbsp;<\/p>\n<p>&nbsp;<\/p>\n<p><strong><u>Mai 2017\u00a0\u00a0\u00a0\u00a0\u00a0\u00a0\u00a0\u00a0\u00a0\u00a0\u00a0 Mi.10.05.2017<\/u><\/strong><\/p>\n<p><strong>\u00a0\u00a0\u00a0\u00a0\u00a0\u00a0\u00a0\u00a0\u00a0\u00a0\u00a0\u00a0\u00a0\u00a0\u00a0\u00a0\u00a0\u00a0\u00a0\u00a0\u00a0\u00a0\u00a0\u00a0\u00a0\u00a0\u00a0\u00a0\u00a0\u00a0\u00a0 \u201eFahrradtour\u201c<\/strong><\/p>\n<p>Wir laden ganz herzlich ein zu einer Fahrradtour<\/p>\n<p>mit anschlie\u00dfendem Spargelessen.<\/p>\n","protected":false},"excerpt":{"rendered":"<p>September 2016\u00a0\u00a0\u00a0\u00a0 Mi.21.09.2016,\u00a0 19.00 Uhr \u00a0\u00a0\u00a0\u00a0\u00a0\u00a0\u00a0\u00a0\u00a0\u00a0\u00a0\u00a0\u00a0\u00a0\u00a0\u00a0\u00a0\u00a0\u00a0\u00a0\u00a0\u00a0\u00a0\u00a0\u00a0\u00a0 \u201eSchmuck aus Silberbesteck\u201c Frau Meinardus aus D\u00f6rpen zeigt uns Ihr gefertigtes Sortiment. Bringt Euer altes Silberbesteck mit !!!!! Es k\u00f6nnen vor Ort kleine Schmuckst\u00fccke <a class=\"more-link\" href=\"https:\/\/www.landfrauen-meppen.de\/wesuwe-siedlung\/programm\/programm-2016-2017\/\">Weiterlesen\u00a0\u2026<\/a><\/p>\n","protected":false},"author":13,"featured_media":0,"parent":336,"menu_order":8,"comment_status":"closed","ping_status":"closed","template":"","meta":{"footnotes":""},"class_list":["post-489","page","type-page","status-publish","hentry"],"_links":{"self":[{"href":"https:\/\/www.landfrauen-meppen.de\/wesuwe-siedlung\/wp-json\/wp\/v2\/pages\/489","targetHints":{"allow":["GET"]}}],"collection":[{"href":"https:\/\/www.landfrauen-meppen.de\/wesuwe-siedlung\/wp-json\/wp\/v2\/pages"}],"about":[{"href":"https:\/\/www.landfrauen-meppen.de\/wesuwe-siedlung\/wp-json\/wp\/v2\/types\/page"}],"author":[{"embeddable":true,"href":"https:\/\/www.landfrauen-meppen.de\/wesuwe-siedlung\/wp-json\/wp\/v2\/users\/13"}],"replies":[{"embeddable":true,"href":"https:\/\/www.landfrauen-meppen.de\/wesuwe-siedlung\/wp-json\/wp\/v2\/comments?post=489"}],"version-history":[{"count":1,"href":"https:\/\/www.landfrauen-meppen.de\/wesuwe-siedlung\/wp-json\/wp\/v2\/pages\/489\/revisions"}],"predecessor-version":[{"id":490,"href":"https:\/\/www.landfrauen-meppen.de\/wesuwe-siedlung\/wp-json\/wp\/v2\/pages\/489\/revisions\/490"}],"up":[{"embeddable":true,"href":"https:\/\/www.landfrauen-meppen.de\/wesuwe-siedlung\/wp-json\/wp\/v2\/pages\/336"}],"wp:attachment":[{"href":"https:\/\/www.landfrauen-meppen.de\/wesuwe-siedlung\/wp-json\/wp\/v2\/media?parent=489"}],"curies":[{"name":"wp","href":"https:\/\/api.w.org\/{rel}","templated":true}]}}