{"id":1706,"date":"2025-12-04T13:59:12","date_gmt":"2025-12-04T12:59:12","guid":{"rendered":"https:\/\/www.landfrauen-meppen.de\/haren\/?page_id=1706"},"modified":"2026-02-24T19:09:29","modified_gmt":"2026-02-24T18:09:29","slug":"rezept-dezember-2025-pflaumen-tiramisu","status":"publish","type":"page","link":"https:\/\/www.landfrauen-meppen.de\/haren\/rezept-des-monats-2\/rezept-dezember-2025-pflaumen-tiramisu\/","title":{"rendered":"Rezept Dezember 2025 (Pflaumen-Tiramisu)"},"content":{"rendered":"<h1><\/h1>\n<table width=\"642\">\n<tbody>\n<tr>\n<td width=\"245\"><\/td>\n<td width=\"397\"><strong>F\u00fcr die Pflaumen<\/strong><\/td>\n<\/tr>\n<tr>\n<td width=\"245\">300 g Pflaumen (frisch oder aufgetaut)<\/td>\n<td width=\"397\">waschen, entkernen und in Spalten schneiden.<\/td>\n<\/tr>\n<tr>\n<td width=\"245\">50 g Zucker<\/td>\n<td width=\"397\">in einem Topf schmelzen, dabei nicht r\u00fchren.<\/td>\n<\/tr>\n<tr>\n<td width=\"245\"><\/td>\n<td width=\"397\">Die Pflaumen,<\/td>\n<\/tr>\n<tr>\n<td width=\"245\">1 Zimtstange<\/td>\n<td width=\"397\">und<\/td>\n<\/tr>\n<tr>\n<td width=\"245\">3 EL braunen Rum oder 3 EL Apfelsaft<\/td>\n<td width=\"397\">zugeben und unter R\u00fchren 5 bis 10 Minuten einkochen lassen.<\/td>\n<\/tr>\n<tr>\n<td width=\"245\"><\/td>\n<td width=\"397\">Abk\u00fchlen lassen. Die Zimtstange entnehmen.<\/td>\n<\/tr>\n<tr>\n<td width=\"245\"><\/td>\n<td width=\"397\"><strong>F\u00fcr die Creme<\/strong><\/td>\n<\/tr>\n<tr>\n<td width=\"245\">150 g Mascarpone,<\/td>\n<td width=\"397\"><\/td>\n<\/tr>\n<tr>\n<td width=\"245\">150 g Joghurt<\/td>\n<td width=\"397\">und<\/td>\n<\/tr>\n<tr>\n<td width=\"245\">50 g Zucker<\/td>\n<td width=\"397\">cremig r\u00fchren.<\/td>\n<\/tr>\n<tr>\n<td width=\"245\">100 g Amarettini<\/td>\n<td width=\"397\">grob zerbr\u00f6seln und bis auf 1 Essl\u00f6ffel auf 4 Dessertgl\u00e4ser verteilen.<\/td>\n<\/tr>\n<tr>\n<td width=\"245\"><\/td>\n<td width=\"397\">Die H\u00e4lfte der Mascarponecreme darauf verteilen. Das Pflaumenkompott hineingeben und mit \u00fcbriger Creme bedecken.<\/td>\n<\/tr>\n<tr>\n<td width=\"245\">Etwas Zimtpulver<\/td>\n<td width=\"397\">dar\u00fcberst\u00e4uben.<\/td>\n<\/tr>\n<tr>\n<td width=\"245\"><\/td>\n<td width=\"397\">Das Tiramisu mindestens 1 Stunde in den K\u00fchlschrank stellen.<\/td>\n<\/tr>\n<tr>\n<td width=\"245\"><\/td>\n<td width=\"397\">Vor dem Servieren die \u00fcbrigen Amarettinibr\u00f6sel aufstreuen.<\/td>\n<\/tr>\n<\/tbody>\n<\/table>\n<p><strong style=\"font-size: 1rem\">Guten Appetit!<\/strong><\/p>\n","protected":false},"excerpt":{"rendered":"<p>F\u00fcr die Pflaumen 300 g Pflaumen (frisch oder aufgetaut) waschen, entkernen und in Spalten schneiden. 50 g Zucker in einem Topf schmelzen, dabei nicht r\u00fchren. Die Pflaumen, 1 Zimtstange und 3 EL braunen Rum oder 3 EL Apfelsaft zugeben und <a class=\"more-link\" href=\"https:\/\/www.landfrauen-meppen.de\/haren\/rezept-des-monats-2\/rezept-dezember-2025-pflaumen-tiramisu\/\">Weiterlesen\u00a0\u2026<\/a><\/p>\n","protected":false},"author":6,"featured_media":0,"parent":150,"menu_order":0,"comment_status":"closed","ping_status":"closed","template":"","meta":{"footnotes":""},"class_list":["post-1706","page","type-page","status-publish","hentry"],"_links":{"self":[{"href":"https:\/\/www.landfrauen-meppen.de\/haren\/wp-json\/wp\/v2\/pages\/1706","targetHints":{"allow":["GET"]}}],"collection":[{"href":"https:\/\/www.landfrauen-meppen.de\/haren\/wp-json\/wp\/v2\/pages"}],"about":[{"href":"https:\/\/www.landfrauen-meppen.de\/haren\/wp-json\/wp\/v2\/types\/page"}],"author":[{"embeddable":true,"href":"https:\/\/www.landfrauen-meppen.de\/haren\/wp-json\/wp\/v2\/users\/6"}],"replies":[{"embeddable":true,"href":"https:\/\/www.landfrauen-meppen.de\/haren\/wp-json\/wp\/v2\/comments?post=1706"}],"version-history":[{"count":4,"href":"https:\/\/www.landfrauen-meppen.de\/haren\/wp-json\/wp\/v2\/pages\/1706\/revisions"}],"predecessor-version":[{"id":1788,"href":"https:\/\/www.landfrauen-meppen.de\/haren\/wp-json\/wp\/v2\/pages\/1706\/revisions\/1788"}],"up":[{"embeddable":true,"href":"https:\/\/www.landfrauen-meppen.de\/haren\/wp-json\/wp\/v2\/pages\/150"}],"wp:attachment":[{"href":"https:\/\/www.landfrauen-meppen.de\/haren\/wp-json\/wp\/v2\/media?parent=1706"}],"curies":[{"name":"wp","href":"https:\/\/api.w.org\/{rel}","templated":true}]}}