{"id":1675,"date":"2025-10-05T17:12:25","date_gmt":"2025-10-05T15:12:25","guid":{"rendered":"https:\/\/www.landfrauen-meppen.de\/haren\/?page_id=1675"},"modified":"2026-02-24T19:08:21","modified_gmt":"2026-02-24T18:08:21","slug":"rezept-oktober-flammkuchen-suess-und-pikant","status":"publish","type":"page","link":"https:\/\/www.landfrauen-meppen.de\/haren\/rezept-des-monats-2\/rezept-oktober-flammkuchen-suess-und-pikant\/","title":{"rendered":"Rezept Oktober 2025 (Flammkuchen s\u00fc\u00df und pikant)"},"content":{"rendered":"<p><span style=\"color: #ff6600\"><strong>(f\u00fcr zwei Bleche)<\/strong><\/span><\/p>\n<table width=\"642\">\n<tbody>\n<tr>\n<td width=\"245\"><\/td>\n<td width=\"397\"><strong>F\u00fcr den Hefeteig<\/strong><\/td>\n<\/tr>\n<tr>\n<td width=\"245\">225 ml lauwarmes Wasser,<\/td>\n<td width=\"397\"><\/td>\n<\/tr>\n<tr>\n<td width=\"245\">1 P\u00e4ckchen Trockenhefe,<\/td>\n<td width=\"397\"><\/td>\n<\/tr>\n<tr>\n<td width=\"245\">1 TL Zucker,<\/td>\n<td width=\"397\"><\/td>\n<\/tr>\n<tr>\n<td width=\"245\">375 g Mehl,<\/td>\n<td width=\"397\"><\/td>\n<\/tr>\n<tr>\n<td width=\"245\">3 EL \u00d6l<\/td>\n<td width=\"397\">und<\/td>\n<\/tr>\n<tr>\n<td width=\"245\">1 TL Salz<\/td>\n<td width=\"397\">verkneten.<\/td>\n<\/tr>\n<tr>\n<td width=\"245\"><\/td>\n<td width=\"397\">Den Teig 30 Minuten gehen lassen und dann auf zwei Bleche verteilen.<\/td>\n<\/tr>\n<tr>\n<td width=\"245\"><\/td>\n<td width=\"397\"><\/td>\n<\/tr>\n<tr>\n<td width=\"245\">400 g Schmand<\/td>\n<td width=\"397\">auf beide Teige aufteilen und verstreichen.<\/td>\n<\/tr>\n<tr>\n<td width=\"245\"><\/td>\n<td width=\"397\"><\/td>\n<\/tr>\n<tr>\n<td width=\"245\"><\/td>\n<td width=\"397\">Den Backofen auf 250\u00b0C Umluft vorheizen.<\/td>\n<\/tr>\n<tr>\n<td width=\"245\"><\/td>\n<td width=\"397\"><\/td>\n<\/tr>\n<tr>\n<td width=\"245\"><\/td>\n<td width=\"397\"><strong>F\u00fcr den pikanten Flammkuchen<\/strong><\/td>\n<\/tr>\n<tr>\n<td width=\"245\">3 kleine Zwiebeln<\/td>\n<td width=\"397\">in d\u00fcnne Scheiben schneiden. Zusammen mit<\/td>\n<\/tr>\n<tr>\n<td width=\"245\">125 g klein gew\u00fcrfelten Speck<\/td>\n<td width=\"397\">auf dem einen Blech verteilen.<\/td>\n<\/tr>\n<tr>\n<td width=\"245\"><\/td>\n<td width=\"397\"><\/td>\n<\/tr>\n<tr>\n<td width=\"245\"><\/td>\n<td width=\"397\"><strong>F\u00fcr den s\u00fc\u00dfen Flammkuchen<\/strong><\/td>\n<\/tr>\n<tr>\n<td width=\"245\">200 g Camembert<\/td>\n<td width=\"397\">in Scheiben schneiden. Zusammen mit<\/td>\n<\/tr>\n<tr>\n<td width=\"245\">\u00bd kleines Glas Preiselbeeren<\/td>\n<td width=\"397\">auf dem zweiten Blech verteilen.<\/td>\n<\/tr>\n<tr>\n<td width=\"245\"><\/td>\n<td width=\"397\"><\/td>\n<\/tr>\n<tr>\n<td width=\"245\"><\/td>\n<td width=\"397\">Im vorgeheizten Backofen etwa 15 Minuten backen.<\/td>\n<\/tr>\n<\/tbody>\n<\/table>\n<p><strong>Guten Appetit!<\/strong><\/p>\n","protected":false},"excerpt":{"rendered":"<p>(f\u00fcr zwei Bleche) F\u00fcr den Hefeteig 225 ml lauwarmes Wasser, 1 P\u00e4ckchen Trockenhefe, 1 TL Zucker, 375 g Mehl, 3 EL \u00d6l und 1 TL Salz verkneten. Den Teig 30 Minuten gehen lassen und dann auf zwei Bleche verteilen. 400 <a class=\"more-link\" href=\"https:\/\/www.landfrauen-meppen.de\/haren\/rezept-des-monats-2\/rezept-oktober-flammkuchen-suess-und-pikant\/\">Weiterlesen\u00a0\u2026<\/a><\/p>\n","protected":false},"author":6,"featured_media":0,"parent":150,"menu_order":0,"comment_status":"closed","ping_status":"closed","template":"","meta":{"footnotes":""},"class_list":["post-1675","page","type-page","status-publish","hentry"],"_links":{"self":[{"href":"https:\/\/www.landfrauen-meppen.de\/haren\/wp-json\/wp\/v2\/pages\/1675","targetHints":{"allow":["GET"]}}],"collection":[{"href":"https:\/\/www.landfrauen-meppen.de\/haren\/wp-json\/wp\/v2\/pages"}],"about":[{"href":"https:\/\/www.landfrauen-meppen.de\/haren\/wp-json\/wp\/v2\/types\/page"}],"author":[{"embeddable":true,"href":"https:\/\/www.landfrauen-meppen.de\/haren\/wp-json\/wp\/v2\/users\/6"}],"replies":[{"embeddable":true,"href":"https:\/\/www.landfrauen-meppen.de\/haren\/wp-json\/wp\/v2\/comments?post=1675"}],"version-history":[{"count":6,"href":"https:\/\/www.landfrauen-meppen.de\/haren\/wp-json\/wp\/v2\/pages\/1675\/revisions"}],"predecessor-version":[{"id":1786,"href":"https:\/\/www.landfrauen-meppen.de\/haren\/wp-json\/wp\/v2\/pages\/1675\/revisions\/1786"}],"up":[{"embeddable":true,"href":"https:\/\/www.landfrauen-meppen.de\/haren\/wp-json\/wp\/v2\/pages\/150"}],"wp:attachment":[{"href":"https:\/\/www.landfrauen-meppen.de\/haren\/wp-json\/wp\/v2\/media?parent=1675"}],"curies":[{"name":"wp","href":"https:\/\/api.w.org\/{rel}","templated":true}]}}