{"id":1652,"date":"2025-09-08T15:07:59","date_gmt":"2025-09-08T13:07:59","guid":{"rendered":"https:\/\/www.landfrauen-meppen.de\/haren\/?page_id=1652"},"modified":"2026-02-24T21:51:35","modified_gmt":"2026-02-24T20:51:35","slug":"programm-2025-2026","status":"publish","type":"page","link":"https:\/\/www.landfrauen-meppen.de\/haren\/programm-2025-2026\/","title":{"rendered":"Programm 2025\/2026"},"content":{"rendered":"<h1><\/h1>\n<table width=\"640\">\n<tbody>\n<tr>\n<td width=\"141\"><strong><span style=\"color: #ff6600\">Mi, 17.09.2025<\/span><br \/>\n<\/strong>19.30 Uhr Niehaus, Bersede<\/td>\n<td width=\"499\"><strong>Ein schmerzfreies und gesundes Leben<br \/>\n<\/strong>Frau Irene Seidel, Schmerztherapeutin aus Haren-Emen, zeigt uns, wie man nach der Methode \u201eSchmerzfrei mit Liebscher &amp; Bracht\u201c Schmerzen lindern kann.<\/td>\n<\/tr>\n<tr>\n<td width=\"141\"><strong><span style=\"color: #ff6600\">Mi, 22.10.2025<\/span><br \/>\n<\/strong>15.00 Uhr<br \/>\nNiehaus, Bersede<\/td>\n<td width=\"499\"><strong>Apfelkuchenwettbewerb<br \/>\n<\/strong>Welche Landfrau backt den leckersten Apfelkuchen?<br \/>\nIhr habt die M\u00f6glichkeit, euer K\u00f6nnen unter Beweis zu stellen.<br \/>\nAlle anwesenden Landfrauen probieren die K\u00f6stlichkeiten und bewerten gemeinsam.<\/td>\n<\/tr>\n<tr>\n<td width=\"141\"><strong><span style=\"color: #ff6600\">Mi, 26.11.2025<\/span><br \/>\n<\/strong>19.00 Uhr<br \/>\nNiehaus, Bersede<\/td>\n<td width=\"499\"><strong>Adventsfeier<br \/>\n<\/strong>Es erwartet uns ein lustiger Abend mit der Theatergruppe Wesuwe.<br \/>\nZus\u00e4tzlich stimmen wir mit allerlei Leckereien, Liedern und Kerzenschein auf den Advent ein.<\/td>\n<\/tr>\n<tr>\n<td width=\"141\"><strong><span style=\"color: #ff6600\">Mi, 03.12.2025<\/span><br \/>\n<\/strong>9.30 Uhr<br \/>\nBauernhofcaf\u00e9 Meutstege<\/td>\n<td width=\"499\"><strong>Seniorinnen Adventsfeier<br \/>\n<\/strong>Mit einem leckeren Fr\u00fchst\u00fcck und einem sch\u00f6nen Programm von Luise Meutstege und Maria K\u00f6nig erleben wir einen adventlichen Vormittag.<\/td>\n<\/tr>\n<tr>\n<td width=\"141\"><strong><span style=\"color: #ff6600\">Do, 15.01.2026<\/span><br \/>\n<\/strong>19.30 Uhr<br \/>\n<span style=\"font-family: inherit;font-size: inherit\">Niehaus, Bersede<\/span><\/td>\n<td width=\"499\"><strong>Jahreshauptversammlung<br \/>\n<\/strong><span style=\"font-family: inherit;font-size: inherit\">Unsere Bezirksvorsitzende Christiane Bregen-Meiners informiert uns \u00fcber Strukturen und Neuigkeiten aus unserem Verband.<\/span><\/td>\n<\/tr>\n<tr>\n<td width=\"141\"><strong><span style=\"color: #ff6600\">Mi, 11.02.2026<\/span><br \/>\n<\/strong>19.00 Uhr Niehaus, Bersede<\/td>\n<td width=\"499\"><strong>Wir feiern unser 75j\u00e4hriges Jubil\u00e4um!<br \/>\n<\/strong>Wir blicken auf 75 Jahre Landfrauen Haren zur\u00fcck.<br \/>\nUnser Projektchor, der aus singfreudigen Landfrauen gegr\u00fcndet wird, f\u00fchrt uns musikalisch durch den Abend.<br \/>\nUnser Abendprogramm h\u00e4lt einige \u00dcberraschungen bereit!<\/td>\n<\/tr>\n<tr>\n<td width=\"141\"><span style=\"color: #ff6600\"><strong>Mi, 18.03.2026<\/strong><\/span><\/td>\n<td width=\"499\"><strong>Ganztagesfahrt<br \/>\n<\/strong>N\u00e4heres wird noch bekannt gegeben.<\/td>\n<\/tr>\n<tr>\n<td width=\"141\"><strong><span style=\"color: #ff6600\">Mi, 15.04.2026<\/span><br \/>\n<\/strong>19.30 Uhr Niehaus, Bersede<\/td>\n<td width=\"499\"><strong>\u201eWilde Kr\u00e4uter, zahme Kr\u00e4uter\u201c<br \/>\n<\/strong>In ihrem Vortrag \u201eWilde Kr\u00e4uter, zahme Kr\u00e4uter\u201c f\u00fchrt uns Biologin Jutta Over auf unterhaltsame Weise durch die heimische Pflanzenwelt.<\/td>\n<\/tr>\n<tr>\n<td width=\"141\"><strong><span style=\"color: #ff6600\">Do, 28.05.2026<\/span><br \/>\n<\/strong>15.00 Uhr Bauernhofcaf\u00e9 Meutstege<\/td>\n<td width=\"499\"><strong>Seniorinnenkaffee<br \/>\n<\/strong>Bei Kaffee, Kuchen und bester Unterhaltung von Luise Meutstege und Maria K\u00f6nig verbringen wir einen sch\u00f6nen Nachmittag.<\/td>\n<\/tr>\n<tr>\n<td width=\"141\"><strong><span style=\"color: #ff6600\">Do, 02.07.2026<\/span><br \/>\n<\/strong>14.00 Uhr<\/td>\n<td width=\"499\"><strong>Fahrradtour<br \/>\n<\/strong>N\u00e4heres wird noch bekannt gegeben.<\/td>\n<\/tr>\n<\/tbody>\n<\/table>\n<p style=\"text-align: center\"><strong>Wir hoffen, unser Programm gef\u00e4llt Euch!<\/strong><\/p>\n<p style=\"text-align: center\"><strong>Claudia, Angelika, Martina, Agnes, Annelene und Claudia<\/strong><\/p>\n","protected":false},"excerpt":{"rendered":"<p>Mi, 17.09.2025 19.30 Uhr Niehaus, Bersede Ein schmerzfreies und gesundes Leben Frau Irene Seidel, Schmerztherapeutin aus Haren-Emen, zeigt uns, wie man nach der Methode \u201eSchmerzfrei mit Liebscher &amp; Bracht\u201c Schmerzen lindern kann. Mi, 22.10.2025 15.00 Uhr Niehaus, Bersede Apfelkuchenwettbewerb Welche <a class=\"more-link\" href=\"https:\/\/www.landfrauen-meppen.de\/haren\/programm-2025-2026\/\">Weiterlesen\u00a0\u2026<\/a><\/p>\n","protected":false},"author":6,"featured_media":0,"parent":0,"menu_order":0,"comment_status":"closed","ping_status":"closed","template":"","meta":{"footnotes":""},"class_list":["post-1652","page","type-page","status-publish","hentry"],"_links":{"self":[{"href":"https:\/\/www.landfrauen-meppen.de\/haren\/wp-json\/wp\/v2\/pages\/1652","targetHints":{"allow":["GET"]}}],"collection":[{"href":"https:\/\/www.landfrauen-meppen.de\/haren\/wp-json\/wp\/v2\/pages"}],"about":[{"href":"https:\/\/www.landfrauen-meppen.de\/haren\/wp-json\/wp\/v2\/types\/page"}],"author":[{"embeddable":true,"href":"https:\/\/www.landfrauen-meppen.de\/haren\/wp-json\/wp\/v2\/users\/6"}],"replies":[{"embeddable":true,"href":"https:\/\/www.landfrauen-meppen.de\/haren\/wp-json\/wp\/v2\/comments?post=1652"}],"version-history":[{"count":6,"href":"https:\/\/www.landfrauen-meppen.de\/haren\/wp-json\/wp\/v2\/pages\/1652\/revisions"}],"predecessor-version":[{"id":1792,"href":"https:\/\/www.landfrauen-meppen.de\/haren\/wp-json\/wp\/v2\/pages\/1652\/revisions\/1792"}],"wp:attachment":[{"href":"https:\/\/www.landfrauen-meppen.de\/haren\/wp-json\/wp\/v2\/media?parent=1652"}],"curies":[{"name":"wp","href":"https:\/\/api.w.org\/{rel}","templated":true}]}}