{"id":1325,"date":"2023-12-12T11:57:38","date_gmt":"2023-12-12T10:57:38","guid":{"rendered":"https:\/\/www.landfrauen-meppen.de\/haren\/?page_id=1325"},"modified":"2023-12-12T11:57:38","modified_gmt":"2023-12-12T10:57:38","slug":"rezept-dezember-2023-weihnachtliches-fruechtebrot","status":"publish","type":"page","link":"https:\/\/www.landfrauen-meppen.de\/haren\/rezept-des-monats-2\/rezept-dezember-2023-weihnachtliches-fruechtebrot\/","title":{"rendered":"Rezept Dezember 2023 (Weihnachtliches Fr\u00fcchtebrot)"},"content":{"rendered":"<h1><span style=\"color: #ff6600\"><strong>Weihnachtliches Fr\u00fcchtebrot<\/strong><\/span><\/h1>\n<table>\n<tbody>\n<tr>\n<td width=\"245\">125 g Feigen,<\/td>\n<td width=\"397\"><\/td>\n<\/tr>\n<tr>\n<td width=\"245\">125 g Zitronat,<\/td>\n<td width=\"397\"><\/td>\n<\/tr>\n<tr>\n<td width=\"245\">250 g Sultaninen,<\/td>\n<td width=\"397\"><\/td>\n<\/tr>\n<tr>\n<td width=\"245\">125 g Haseln\u00fcsse<\/td>\n<td width=\"397\">und<\/td>\n<\/tr>\n<tr>\n<td width=\"245\">60 g Mandeln<\/td>\n<td width=\"397\">zerkleinern und in eine Sch\u00fcssel geben.<\/td>\n<\/tr>\n<tr>\n<td width=\"245\">3 Eier<\/td>\n<td width=\"397\">mit<\/td>\n<\/tr>\n<tr>\n<td width=\"245\">125 g Zucker,<\/td>\n<td width=\"397\"><\/td>\n<\/tr>\n<tr>\n<td width=\"245\">1 P. Vanillezucker,<\/td>\n<td width=\"397\"><\/td>\n<\/tr>\n<tr>\n<td width=\"245\">1 Msp. Zimt<\/td>\n<td width=\"397\">und<\/td>\n<\/tr>\n<tr>\n<td width=\"245\">2 cl Rum<\/td>\n<td width=\"397\">schaumig schlagen.<\/td>\n<\/tr>\n<tr>\n<td width=\"245\"><\/td>\n<td width=\"397\">Die zerkleinerten Fr\u00fcchte und Haseln\u00fcsse unter die Eiermasse mischen. Anschlie\u00dfend<\/td>\n<\/tr>\n<tr>\n<td width=\"245\">125 g Mehl,<\/td>\n<td width=\"397\"><\/td>\n<\/tr>\n<tr>\n<td width=\"245\">2 EL Speisest\u00e4rke<\/td>\n<td width=\"397\">und<\/td>\n<\/tr>\n<tr>\n<td width=\"245\">1 TL Backpulver<\/td>\n<td width=\"397\">mischen, \u00fcber die Masse sieben und gut unterr\u00fchren.<\/td>\n<\/tr>\n<tr>\n<td width=\"245\"><\/td>\n<td width=\"397\">Alles in eine gefettete Kastenform gie\u00dfen und mit<\/td>\n<\/tr>\n<tr>\n<td width=\"245\">Mandeln<\/td>\n<td width=\"397\">und \/ oder<\/td>\n<\/tr>\n<tr>\n<td width=\"245\">kandierten Kirschen<\/td>\n<td width=\"397\">verzieren.<\/td>\n<\/tr>\n<tr>\n<td width=\"245\"><\/td>\n<td width=\"397\">Im vorgeheizten Backofen bei 150\u00b0C ca. 80 &#8211; 90 Minuten backen.<\/td>\n<\/tr>\n<tr>\n<td width=\"245\"><\/td>\n<td width=\"397\"><\/td>\n<\/tr>\n<tr>\n<td colspan=\"2\" width=\"642\">Das Brot h\u00e4lt sich \u00fcberaus lange frisch und saftig. Es schmeckt auch hervorragend mit Butter bestrichen. In kleineren Kastenformen gebacken eignet es sich auch ideal als Geschenk.<\/td>\n<\/tr>\n<tr>\n<td width=\"245\"><\/td>\n<td width=\"397\"><\/td>\n<\/tr>\n<tr>\n<td colspan=\"2\" width=\"642\"><strong>Tipps:<\/strong>\u00a0 \u00a0&#8211;\u00a0 Wer kein Zitronat mag, kann es gut durch kandierten K\u00fcrbis ersetzen.<br \/>\n&#8211;\u00a0 Die getrockneten Fr\u00fcchte k\u00f6nnen je nach Geschmack variiert werden (z. B. Cranberries, Aprikosen, Datteln, etc.).<\/td>\n<\/tr>\n<\/tbody>\n<\/table>\n<p><strong style=\"font-size: 1rem\">Viel Spa\u00df beim Backen!<\/strong><\/p>\n","protected":false},"excerpt":{"rendered":"<p>Weihnachtliches Fr\u00fcchtebrot 125 g Feigen, 125 g Zitronat, 250 g Sultaninen, 125 g Haseln\u00fcsse und 60 g Mandeln zerkleinern und in eine Sch\u00fcssel geben. 3 Eier mit 125 g Zucker, 1 P. Vanillezucker, 1 Msp. Zimt und 2 cl Rum <a class=\"more-link\" href=\"https:\/\/www.landfrauen-meppen.de\/haren\/rezept-des-monats-2\/rezept-dezember-2023-weihnachtliches-fruechtebrot\/\">Weiterlesen\u00a0\u2026<\/a><\/p>\n","protected":false},"author":6,"featured_media":0,"parent":150,"menu_order":0,"comment_status":"closed","ping_status":"closed","template":"","meta":{"footnotes":""},"class_list":["post-1325","page","type-page","status-publish","hentry"],"_links":{"self":[{"href":"https:\/\/www.landfrauen-meppen.de\/haren\/wp-json\/wp\/v2\/pages\/1325","targetHints":{"allow":["GET"]}}],"collection":[{"href":"https:\/\/www.landfrauen-meppen.de\/haren\/wp-json\/wp\/v2\/pages"}],"about":[{"href":"https:\/\/www.landfrauen-meppen.de\/haren\/wp-json\/wp\/v2\/types\/page"}],"author":[{"embeddable":true,"href":"https:\/\/www.landfrauen-meppen.de\/haren\/wp-json\/wp\/v2\/users\/6"}],"replies":[{"embeddable":true,"href":"https:\/\/www.landfrauen-meppen.de\/haren\/wp-json\/wp\/v2\/comments?post=1325"}],"version-history":[{"count":3,"href":"https:\/\/www.landfrauen-meppen.de\/haren\/wp-json\/wp\/v2\/pages\/1325\/revisions"}],"predecessor-version":[{"id":1328,"href":"https:\/\/www.landfrauen-meppen.de\/haren\/wp-json\/wp\/v2\/pages\/1325\/revisions\/1328"}],"up":[{"embeddable":true,"href":"https:\/\/www.landfrauen-meppen.de\/haren\/wp-json\/wp\/v2\/pages\/150"}],"wp:attachment":[{"href":"https:\/\/www.landfrauen-meppen.de\/haren\/wp-json\/wp\/v2\/media?parent=1325"}],"curies":[{"name":"wp","href":"https:\/\/api.w.org\/{rel}","templated":true}]}}